{"id":137,"date":"2023-08-09T12:37:27","date_gmt":"2023-08-09T10:37:27","guid":{"rendered":"https:\/\/parafianiedzieliska.pl\/?page_id=137"},"modified":"2026-03-27T15:30:54","modified_gmt":"2026-03-27T14:30:54","slug":"parafia","status":"publish","type":"page","link":"https:\/\/parafianiedzieliska.pl\/?page_id=137","title":{"rendered":"Parafia"},"content":{"rendered":"\n\n\n<p><strong>Historia parafii i ko\u015bcio\u0142a w Niedzieliskach <\/strong><\/p>\n\n\n\n<p><\/p>\n\n\n\n\n\n<p class=\"has-text-align-left\">&nbsp;&nbsp;&nbsp;&nbsp;&nbsp;&nbsp;&nbsp;&nbsp;&nbsp;&nbsp;&nbsp;&nbsp;&nbsp;&nbsp;&nbsp;&nbsp; Wioska Niedzieliska jest osad\u0105 do\u015b\u0107 star\u0105, bo istnia\u0142a jeszcze przed Szczurow\u0105, do kt\u00f3rej si\u0119 do\u0142\u0105czy\u0142a jako cz\u0119\u015b\u0107 sk\u0142adowa parafii pod wezwaniem \u015bw. Bart\u0142omieja Aposto\u0142a.&nbsp;Niedzieliska nale\u017ca\u0142y pocz\u0105tkowo do parafii w Rad\u0142owie a przed 1529 r. w\u0142\u0105czono Niedzieliska do parafii w Szczurowej. W roku 1868 zbudowano w Niedzieliskach drewnian\u0105 kaplic\u0119, obdarzon\u0105 przy\u00adwilejem odprawiania Mszy \u015bw. prywatnych.&nbsp; W latach 1928-1931 wybudowano now\u0105 kaplic\u0119 murowan\u0105, na kt\u00f3rej ceg\u0142\u0119 ofiaro\u00adwa\u0142 baron G\u0151tz, w\u0142a\u015bciciel Okocimia. By\u0142 to ko\u015bci\u00f3\u0142 jednonawowy, murowany z ceg\u0142y, pokryty blach\u0105 pod wezwaniem \u015bw. Feliksa papie\u017ca i m\u0119czennika. Ko\u015bci\u00f3\u0142 mia\u0142 21 m. d\u0142ugo\u015bci, 11 m. szeroko\u015bci, pokryty by\u0142 blach\u0105, bez wie\u017cy. Ko\u015bci\u00f3\u0142 posiada\u0142 7 witra\u017cy kszta\u0142tu gotyckiego. Tabernakulum by\u0142o drewniane. Obok ko\u015bcio\u0142a znajdowa\u0142a si\u0119 ma\u0142a murowana kapliczka ze studzienk\u0105 wewn\u0105trz. Obok ogrodzenia wzd\u0142u\u017c szosy znajdowa\u0142a si\u0119 figura \u015bw. Stanis\u0142awa Bpa i m\u0119czennika, obok krzy\u017c Misyjny i krzy\u017c Odkupienia. Obraz \u015bw. Feliksa namalowa\u0142 w 1934 r. W\u0142adys\u0142aw Duda. Po\u015bwi\u0119cenia tej kaplicy dokona\u0142 w 1931 r. proboszcz ze Szczurowej, ks. kanonik Bart\u0142omiej Harbut. Z opowiada\u0144 wnioskujemy, \u017ce du\u017co serca, pracy i stara\u0144 w\u0142o\u017cyli w odbudowanie i wyposa\u017ce\u00adnie kaplicy \u00f3wcze\u015bni mieszka\u0144cy Niedzielisk. Ko\u015bci\u00f3\u0142 zbudowany wed\u0142ug projektu architekta Henryka Kotry. G\u0142\u00f3wne elementy wyposa\u017cenia \u015bwi\u0105tyni, tj. o\u0142tarze, ambon\u0119, chrzcielnic\u0119 wykona\u0142 w latach 1932-1934 Stanis\u0142aw Giemza. W o\u0142tarzu bocznym zosta\u0142 zawieszony obraz \u015bw. J\u00f3zefa, wykonany przez Kazimierza Pucha\u0142\u0119 w 1939 r. Do najwi\u0119kszych dobrodziej\u00f3w i ofiarodawc\u00f3w kaplicy trzeba zaliczy\u0107 Agnieszk\u0119 Munda\u0142a, kt\u00f3ra swoim zaoszcz\u0119dzonym groszem ufundowa\u0142a krzy\u017c na wie\u017c\u0119 ko\u015bcieln\u0105 wraz z dzwonem, ambon\u0119, konfesjona\u0142, wieczn\u0105 lamp\u0119 wraz z balaskami, a w 1933 r. pi\u0119kn\u0105 monstrancj\u0119 w kszta\u0142cie s\u0142o\u0144ca. Ma\u0142gorzata Pawelczak ufundowa\u0142a figur\u0119 Matki Bo\u017cej Kr\u00f3lowej z Dzieci\u0105tkiem Jezus na r\u0119ku do drewnianej kaplicy za ks. Walentego Dudki w 1905 r., kt\u00f3r\u0105 w 1958 r. odnowi\u0142a i od\u00admalowa\u0142a Maria Bie\u017cychudek wraz z m\u0119\u017cem W\u0142adys\u0142awem, fundu\u00adj\u0105c r\u00f3wnocze\u015bnie pancerne tabernakulum. O\u0142tarz Wielki wraz z obrazem patrona kaplicy \u015bw. Feliksa I papie\u017ca i m\u0119czennika ufundowa\u0142 w 1934 r. Franciszek Czachor, syn J\u00f3zefa i Agnieszki.Do o\u0142tarza bocznego figur\u0119 Naj\u015bwi\u0119tszego Serca Jezusowego ufundo\u00adwa\u0142 Stanis\u0142aw Wiatr w 1936 roku. Do drugiego bocznego o\u0142tarza obraz \u015bw. Teresy od Dzieci\u0105tka Jezus wraz z ma\u0142ym \u017cyrandolem ofiarowali Helena i Tomasz Czachorowie w 1952 r. W 1937 r., podczas wizytacji kanonicznej parafii Szczurowa, \u00f3wczesny ordynariusz diecezji tarnowskiej Ks. Bp Franciszek Lisowski zezwoli\u0142 na pozostawienie w kaplicy w Niedzieliskach Naj\u015bwi\u0119tszego Sakramentu oraz udzieli\u0142 przywileju odprawiania w ko\u015bciele jednej Mszy \u015bw. w ci\u0105gu miesi\u0105ca. &nbsp;W 1939 r. wybudowano staraniem parafian murowan\u0105, parterow\u0105 plebani\u0119, aby mo\u017cna by\u0142o stara\u0107 si\u0119 o ut\u00adworzenie samodzielnej parafii. Majstrem murarskim przy budowie plebanii by\u0142 Stanis\u0142aw Lechowicz z W\u0142oszyna. 5 pa\u017adziernika 1941 r. utworzono w Niedzieliskach tzw. Rektorat, przydzielaj\u0105c do niego duszpasterza. \u00d3wczesny rz\u0105d\u00adca diecezji ks. Bp Edward Komar &#8211; Administrator Apostolski w li\u015bcie wydanym z okazji tej uroczysto\u015bci pisa\u0142: <em>Kochani Mieszka\u0144cy Niedzielisk! Duchem jestem w\u015br\u00f3d Was w tej uroczystej chwili&#8230; z g\u0142\u0119bi serca gratuluj\u0119 Wam dzisiejszej uroczysto\u015bci&#8230; Niech dzi\u0119ki serdeczne i chwa\u0142a Bo\u017ca rozbrzmiewaj\u0105 odt\u0105d nieustannie jak d\u0142ugo Niedzieliska sta\u0107 b\u0119d\u0105, jak d\u0142ugo parafia istnie\u0107 b\u0119\u00addzie &#8211; przez pokolenia i pokolenia. &nbsp;To jedno uczucie, kt\u00f3re o\u017cywia m\u0105 dusz\u0119 w tej chwili: uczu\u00adcie najgor\u0119tszej, bezgranicznej wdzi\u0119czno\u015bci ku Panu Bogu; A drugie? G\u0142\u0119bokiego uznania, pochwa\u0142y i serdecznej wdzi\u0119czno\u015bci dla Was, kochani Mieszka\u0144cy Niedzielisk. Znane nam s\u0105 Wasze za\u00adbiegi, trudy, wysi\u0142ki, ofiary, jakich nie szcz\u0119dzili\u015bcie by wybudowa\u0107 Ko\u015bci\u00f3\u0142-mieszkanie dla Pana Jezusa, naszego Pana i Kr\u00f3la &#8211; by zapewni\u0107 mieszkanie i utrzymanie dla Jego s\u0142ugi a Waszego Pasterza. Pan B\u00f3g to wszystko policzy\u0142 i Anio\u0142om swoim w Ksi\u0119dze Waszego \u017bywota zapisa\u0107 kaza\u0142. Na koniec pe\u0142en gor\u0105cych uczu\u0107 wdzi\u0119czno\u015bci ku Panu Bogu i ku Wam, kochani Parafianie Niedzielisk, kl\u0119kam przed Jezu\u00adsem Eucharystycznym i bior\u0119 w pokorze najg\u0142\u0119bszej b\u0142ogos\u0142a\u00adwie\u0144stwo z Jego Najs\u0142odszego Serca ,przekazuj\u0105c je Wam wszyst\u00adkim, a szczeg\u00f3lnie tym, kt\u00f3rzy w jakikolwiek spos\u00f3b przyczynili si\u0119 do budowy Ko\u015bcio\u0142a i stworzenia warunk\u00f3w dla maj\u0105cej powsta\u0107 parafii <\/em>Pierwszym Rektorem Ko\u015bcio\u0142a w Niedzieliskach by\u0142 Ks. Kano\u00adnik J\u00f3zef Barszcz. Mianowany 1 wrze\u015bnia 1941 r. Za jego duszpasterzowania za\u0142o\u017cono cmen\u00adtarz parafialny. Zezwolenie na to przedsi\u0119wzi\u0119cie udzieli\u0142y niemieckie w\u0142adze okupacyjne 18 marca 1942 r. Cmentarz zosta\u0142 po\u015bwi\u0119cony 7 VI 1941 r. przez proboszcza ze Szczurowej. 4 wrze\u015bnia 1947 r. Ks. J\u00f3zef Barszcz zosta\u0142 przeniesiony do Tuchowa, a zmar\u0142&nbsp; 29 wrze\u015bnia 1972 r. w Domu Ksi\u0119\u017cy Emeryt\u00f3w w Tarnowie. Zosta\u0142 pochowany na cmentarzu w Padwi. Nast\u0119pc\u0105 by\u0142 Ks. Kanonik W\u0142adys\u0142aw Ku\u0142akowski, by\u0142y pro\u00adboszcz parafii Batiatycze, kap\u0142an wygnaniec z archidiecezji lwowskiej. W aktach Archiwum Pa\u0144stwowego w Krakowie oddzia\u0142 w Bochni zachowa\u0142a si\u0119 charakterystyka wsp\u00f3lnoty sporz\u0105dzona na wniosek Urz\u0119du Wojew\u00f3dzkiego w Krakowie (pismo wicestarosty powiatowego Wiktora Jankowskiego do Kazimierza Goedla, kierownika Referatu Spo\u0142eczno-Politycznego w Brzesku z dnia 27 VIII 1949 r): \u201eNa terenie tej parafii istniej\u0105 organizacje ko\u015bcielne, jak Rada Parafialna, kt\u00f3ra liczy 6 cz\u0142onk\u00f3w,&nbsp; \u017bywy R\u00f3\u017caniec \u2013 150 cz\u0142onk\u00f3w. Organizacje te&nbsp; nie pracuj\u0105 spo\u0142ecznie, a jedynie wykonuj\u0105 praktyki religijne.&nbsp; <em>Nastawienie&nbsp; organizacji ko\u015bcielnych do obecnego ustroju nie jest wrogie. Spor\u00f3w i zaj\u015b\u0107 nie zanotowano. (StPBrz 31 \u2013 pozostawiono oryginaln\u0105 pisowni\u0119)\u201d.<\/em> Pierwszym Rektorem Ko\u015bcio\u0142a w Niedzieliskach by\u0142 Ks. Kano\u00adnik J\u00f3zef Barszcz. Mianowany 1 wrze\u015bnia 1941 r. Za jego duszpasterzowania za\u0142o\u017cono cmen\u00adtarz parafialny. Zezwolenie na to przedsi\u0119wzi\u0119cie udzieli\u0142y niemieckie w\u0142adze okupacyjne 18 marca 1942 r. Cmentarz zosta\u0142 po\u015bwi\u0119cony 7 VI 1941 r. przez proboszcza ze Szczurowej. &nbsp;4 wrze\u015bnia 1947 r. Ks. J\u00f3zef Barszcz zosta\u0142 przeniesiony do Tuchowa, a zmar\u0142&nbsp; 29 wrze\u015bnia 1972 r. w Domu Ksi\u0119\u017cy Emeryt\u00f3w w Tarnowie. Zosta\u0142 pochowany na cmentarzu w Padwi. Nast\u0119pc\u0105 by\u0142 Ks. Kanonik W\u0142adys\u0142aw Ku\u0142akowski, by\u0142y pro\u00adboszcz parafii Batiatycze, kap\u0142an wygnaniec z archidiecezji lwowskiej. W aktach Archiwum Pa\u0144stwowego w Krakowie oddzia\u0142 w Bochni zachowa\u0142a si\u0119 charakterystyka wsp\u00f3lnoty sporz\u0105dzona na wniosek Urz\u0119du Wojew\u00f3dzkiego w Krakowie (pismo wicestarosty powiatowego Wiktora Jankowskiego do Kazimierza Goedla, kierownika Referatu Spo\u0142eczno-Politycznego w Brzesku z dnia 27 VIII 1949 r): \u201eNa terenie tej parafii istniej\u0105 organizacje ko\u015bcielne, jak Rada Parafialna, kt\u00f3ra liczy 6 cz\u0142onk\u00f3w,&nbsp; \u017bywy R\u00f3\u017caniec \u2013 150 cz\u0142onk\u00f3w. Organizacje te&nbsp; nie pracuj\u0105 spo\u0142ecznie, a jedynie wykonuj\u0105 praktyki religijne.&nbsp; Nastawienie&nbsp; organizacji ko\u015bcielnych do obecnego ustroju nie jest wrogie. Spor\u00f3w i zaj\u015b\u0107 nie zanotowano. (StPBrz 31 \u2013 pozostawiono oryginaln\u0105 pisowni\u0119)\u201d. W nast\u0119pnym roku po\u015bwi\u0119cono obraz Ukrzy\u017cowa\u00adnego Chrystusa, namalowany przez prof. Adolfa Chyl\u0119 z Kra\u00adkowa. Obraz zosta\u0142 ufundowany przez J\u00f3zef\u0119 Gnatek z Chicago. &nbsp;Kilka rodaczek odwiedzaj\u0105cych kraj zakupi\u0142o w 1959 r. p\u0142askorze\u017aby Drogi Krzy\u017cowej &#8211; po\u015bwi\u0119cone 13 mar\u00adca 1960 r. W 1962 r. z funduszu rodak\u00f3w sprawiono posadzk\u0119 do ko\u015bcio\u0142a oraz wybudowano metalow\u0105 dzwonnic\u0119. &nbsp;&nbsp;&nbsp;&nbsp;&nbsp;&nbsp; Pani Katarzyna Prus z Chicago ufundowa\u0142a du\u017cy obraz Matki Bo\u017cej Cz\u0119stochowskiej, jako dar z okazji tysi\u0105clecia Chrztu Polski oraz dywanpod o\u0142tarz g\u0142\u00f3wny. Pani Anna Zdunek ufundowa\u0142a obraz Matki Bo\u017cej Nieustaj\u0105cej Pomocy. &nbsp;&nbsp;&nbsp;&nbsp;&nbsp;&nbsp;&nbsp;&nbsp;&nbsp;&nbsp;&nbsp;&nbsp;&nbsp;&nbsp;&nbsp; 16 lipca 1967 r. zmar\u0142 ks. J\u00f3zef Czachor, rodak z Niedzielisk, wy\u015bwi\u0119cony na kap\u0142ana w maju 1953 r. Uroczysto\u015bciom pogrzebowym przewodniczy\u0142 Bp Ordynariusz Jerzy Ablewicz. 4 i 5 marca 1969 r. parafia prze\u017cywa\u0142a uroczysto\u015b\u0107 nawiedzenia kopii obrazu Matki Bo\u017cej Cz\u0119stochowskiej. Na uroczysto\u015bciach by\u0142 obecny ks. Bp Piotr Bednarczyk. W czerwcu 1969 r. w czasie odpustu parafialnego prze\u017cywano 25 \u2013 lecie kap\u0142a\u0144stwa ks. Stanis\u0142awa Augustyna. Uroczysto\u015b\u0107 zaszczyci\u0142 swoja obecno\u015bci\u0105 ks. Bp Piotr Bednarczyk. W dniach 30 i 31 marca 1974 r. parafia prze\u017cywa\u0142a wizytacje kanoniczn\u0105, kt\u00f3ra przeprowadzi\u0142 ks. Bp. J\u00f3zef Gucwa. W roku 1967 powi\u0119kszono cmentarz parafialny. Z fundusz\u00f3w Klubu zosta\u0142 ogrodzony siatk\u0105, a z frontu metalowym parkanem. W roku 1968 Parafia otrzyma\u0142a w darze organy elektryczne firmy Hammond. Te wszystkie dary dla Parafii \u015bwiadczy\u0142y o zro\u00adzumieniu jej potrzeb, wielkiej ofiarno\u015bci i \u017cyczliwo\u015bci do wioski i&nbsp; Ko\u015bcio\u0142a. Dotychczasowy ko\u015bci\u00f3\u0142 by\u0142 w\u0142a\u015bciwie kaplic\u0105 niedostosowa\u00adn\u0105 do wymog\u00f3w duszpasterstwa parafialnego &#8211; brakowa\u0142o przedsionka, odpowiedniej zakrystii, pomieszczenia na sprz\u0119t liturgiczny. Strop ko\u015bcio\u0142a by\u0142 prowizoryczny, wci\u0105\u017c p\u0119ka\u0142 i grozi\u0142 zawaleniem &#8211; dlatego te\u017c pomy\u015blano o remoncie i roz\u00adbudowie ko\u015bcio\u0142a. W roku 1972 w\u0142adze diecezjalne umie\u015bci\u0142y t\u0119 spraw\u0119 w planie budownictwa sakralnego. Po wielu staraniach w\u0142adze rz\u0105dowe okaza\u0142y zrozumienie i w listopadzie 1974 r. uzyskano zezwolenie na rozbudow\u0119 ko\u015bcio\u0142a. Kilka rodaczek odwiedzaj\u0105cych kraj zakupi\u0142o w 1959 r. p\u0142askorze\u017aby Drogi Krzy\u017cowej &#8211; po\u015bwi\u0119cone 13 mar\u00adca 1960 r. W 1962 r. z funduszu rodak\u00f3w sprawiono posadzk\u0119 do ko\u015bcio\u0142a oraz wybudowano metalow\u0105 dzwonnic\u0119. Pani Katarzyna Prus z Chicago ufundowa\u0142a du\u017cy obraz Matki Bo\u017cej Cz\u0119stochowskiej, jako dar z okazji tysi\u0105clecia Chrztu Polski oraz dywanpod o\u0142tarz g\u0142\u00f3wny. Pani Anna Zdunek ufundowa\u0142a obraz Matki Bo\u017cej Nieustaj\u0105cej Pomocy. 16 lipca 1967 r. zmar\u0142 ks. J\u00f3zef Czachor, rodak z Niedzielisk, wy\u015bwi\u0119cony na kap\u0142ana w maju 1953 r. Uroczysto\u015bciom pogrzebowym przewodniczy\u0142 Bp Ordynariusz Jerzy Ablewicz. 4 i 5 marca 1969 r. parafia prze\u017cywa\u0142a uroczysto\u015b\u0107 nawiedzenia kopii obrazu Matki Bo\u017cej Cz\u0119stochowskiej. Na uroczysto\u015bciach by\u0142 obecny ks. Bp Piotr Bednarczyk. W czerwcu 1969 r. w czasie odpustu parafialnego prze\u017cywano 25 \u2013 lecie kap\u0142a\u0144stwa ks. Stanis\u0142awa Augustyna. Uroczysto\u015b\u0107 zaszczyci\u0142 swoja obecno\u015bci\u0105 ks. Bp Piotr Bednarczyk. W dniach 30 i 31 marca 1974 r. parafia prze\u017cywa\u0142a wizytacje kanoniczn\u0105, kt\u00f3ra przeprowadzi\u0142 ks. Bp. J\u00f3zef Gucwa. W roku 1967 powi\u0119kszono cmentarz parafialny. Z fundusz\u00f3w Klubu zosta\u0142 ogrodzony siatk\u0105, a z frontu metalowym parkanem. W roku 1968 Parafia otrzyma\u0142a w darze organy elektryczne firmy Hammond. &nbsp;Te wszystkie dary dla Parafii \u015bwiadczy\u0142y o zro\u00adzumieniu jej potrzeb, wielkiej ofiarno\u015bci i \u017cyczliwo\u015bci do wioski i&nbsp; Ko\u015bcio\u0142a. Dotychczasowy ko\u015bci\u00f3\u0142 by\u0142 w\u0142a\u015bciwie kaplic\u0105 niedostosowa\u00adn\u0105 do wymog\u00f3w duszpasterstwa parafialnego &#8211; brakowa\u0142o przedsionka, odpowiedniej zakrystii, pomieszczenia na sprz\u0119t liturgiczny. &nbsp;Strop ko\u015bcio\u0142a by\u0142 prowizoryczny, wci\u0105\u017c p\u0119ka\u0142 i grozi\u0142 zawaleniem &#8211; dlatego te\u017c pomy\u015blano o remoncie i roz\u00adbudowie ko\u015bcio\u0142a. W roku 1972 w\u0142adze diecezjalne umie\u015bci\u0142y t\u0119 spraw\u0119 w planie budownictwa sakralnego. Po wielu staraniach w\u0142adze rz\u0105dowe okaza\u0142y zrozumienie i w listopadzie 1974 r. uzyskano zezwolenie na rozbudow\u0119 ko\u015bcio\u0142a. &nbsp;Wiosn\u0105 1975 r. za\u0142o\u017cono fundamenty pod przedsionek, boczne kaplice i zakrysti\u0119. Projektantem rozbudowy by\u0142 archi\u00adtekt Roman \u0141omnicki z Krakowa &#8211; prace wykonywane by\u0142y pod nad\u00adzorem architekta Boles\u0142awa Witowskiego z Brzeska i maj\u00adstra W\u0142adys\u0142awa Zachary z Brzeska. Na t\u0119 budow\u0119 Rodacy z USA zaku\u00adpili 150 tys. sztuk ceg\u0142y.&nbsp; W sierpniu 1975 r. przyst\u0105piono do bu\u00addowy przedsionka bocznych kaplic i zakrystii. Elewacja fron\u00adtowa i przeciwleg\u0142a zosta\u0142a wy\u0142o\u017cona kamieniem pi\u0144czowskim. W roku 1976 rozebrano star\u0105 zakrysti\u0119, po\u0142o\u017cono stropy na bocznych kaplicach oraz na zakrystii i przedsionkach. Wiosn\u0105 1977 r. rozebrano ca\u0142e prezbiterium oraz cz\u0119\u015b\u0107 mur\u00f3w bocznych. Blachy miedziane na pokrycie ca\u0142ego ko\u015bcio\u0142a ufundowa\u0142 Klub Niedzielska. Rozbudowa ko\u015bcio\u0142a trwa\u0142a 5 lat (1975-1980) W roku 1980 wprawiono dwa du\u017ce witra\u017ce, kt\u00f3re ufundowali ks. Stanis\u0142aw Augustyn oraz Jan i Stefania Czachorowie. Jeden przedstawia \u015bw. Stanis\u0142awa Kostk\u0119 a drugi patrona parafii \u015bw. Feliksa. 20 lipca 1980 zmar\u0142 po 25 latach pos\u0142ugi duszpasterskiej ks. Proboszcz Stanis\u0142aw Augustyn. Pogrzeb odby\u0142 si\u0119 23 lipca w Ko\u015bciele parafialnym pod przewodnictwem Ks. Bpa Piotra Bednarczyka wraz z licznym duchowie\u0144stwem i wiernymi z Niedzielisk. W sierpniu 1980 r. Ks. Bp. Jerzy Ablewicz mianowa\u0142 nowym duszpasterzem parafii Ks. W\u0142adys\u0142awa Mirowskiego. 13 czerwca 1981 odby\u0142a si\u0119 wizytacja kanoniczna przeprowadzona przez Ks. Bp. W\u0142adys\u0142awa Bobowskiego. Wierni przygotowywali si\u0119 do tego wydarzenia przez rekolekcje prowadzone przez Ks. J\u00f3zefa Gawora, Proboszcza z Lubczy. Tego samego roku zakupiono nowe paramenty liturgiczne, mianowicie du\u017c\u0105 puszk\u0119 do Komunii \u015awi\u0119tej, bia\u0142y ornat i dwie kapy (bia\u0142\u0105 i zielon\u0105), krzy\u017c na o\u0142tarz i dwa dzwonki. W 1982 r. zamontowano ogrzewanie ko\u015bcio\u0142a oraz postawiono na cmentarzu grobowiec Ks. Stanis\u0142awowi Augustynowi. W 1983 r. zako\u0144czono budow\u0119 murowanej dzwonnicy z ceg\u0142y, pokrytej miedzi\u0105, w kt\u00f3rej umieszczono dwa dzwony. W tym samym roku po\u0142o\u017cono posadzk\u0119 w ko\u015bciele, a w 1984 r. sprawiono 20 \u0142awek z drzewa jesionowego oraz zamontowano piorunochron na budynku ko\u015bcio\u0142a. W 1985 r. za\u0142o\u017cono dwa witra\u017ce; pierwszy z wizerunkiem \u015bw. Bp. Stanis\u0142awa ze Szczepanowa, drugi ze \u015bw. Maksymilianem Maria Kolbe, franciszkaninem z fundacji ks. Stanis\u0142awa Augustyna i B\u0142a\u017ceja i Heleny Bierzychudek. Witra\u017ce za\u0142o\u017cono r\u00f3wnie\u017c w zakrystii i w sali katechetycznej. Zakupiono 6 nowych ornat\u00f3w. W 1986 r. za\u0142o\u017cono dwa du\u017ce witra\u017ce i balustrad\u0119 na wej\u015bcie do ch\u00f3ru. W 1987 r. trwa\u0142y prace budowlane przy nowej plebani. Budynek pokryto blach\u0105 miedzian\u0105. Urz\u0105dzono wn\u0119trze ko\u015bcio\u0142a, wy\u0142o\u017cono mozaik\u0105 front nawy g\u0142\u00f3wnej oraz \u015bciany nad wej\u015bciami do kaplic bocznych, gdzie zbudowano o\u0142tarze przy\u015bcienne z mozaikami i wprawiono drzwi wej\u015bciowe. Za\u0142o\u017cono boazeri\u0119 w ko\u015bciele oraz w sali katechetycznej. Uda\u0142o si\u0119 wprawi\u0107 dwa nowe witra\u017ce; pierwszy przedstawia wa\u017cniejsze sanktuaria w diecezji, drugi \u015bw. \u015awierada. Na \u015bcianach nawy bocznej wykonano Drog\u0119 Krzy\u017cow\u0105 w formie mozaiki. Ozdobne tabernakulum umieszczono na \u015bcianie nawy g\u0142\u00f3wnej. <\/p>\n\n\n\n<p>W 1988 r. wykonano na nowej plebanii instalacj\u0119 elektryczn\u0105, wodno-kanalizacyjn\u0105 oraz grzewcz\u0105. 22 X 1988 r. odby\u0142a si\u0119 uroczysto\u015b\u0107 po\u015bwi\u0119cenia trzeciego dzwonu(fundatorzy Helena i Bronis\u0142aw Bie\u017cychudek). Konsekracji dokona\u0142 Ks. Bp. Piotr Bednarczyk. Na uroczysto\u015bci by\u0142 obecny syn fundatora dzwonu, W\u0142adys\u0142aw Bie\u017cychudek. Patron dzwonu \u2013 \u015bw. Maksymilian Maria Kolbe. Stefania Majka z USA ofiarowa\u0142a do ko\u015bcio\u0142a kielich i puszk\u0119. W 1989 r. kontynuowano prace wyko\u0144czeniowe na nowej plebanii, mi\u0119dzy innymi po\u0142o\u017cono tynki na \u015bciany. Na wie\u017cy ko\u015bcielnej za\u0142o\u017cono trzy dzwony sterowane i uruchamiane elektrycznie w zakrystii. W ko\u015bciele umieszczono dwa sta\u0142e konfesjona\u0142y. W 1992 r. do ko\u015bcio\u0142a zakupiono jesionowe \u0142awki na ch\u00f3r i na boki nawy g\u0142\u00f3wnej. Na prze\u0142omie 1993 i 1994 r. parafia prze\u017cywa\u0142a peregrynacj\u0119 obrazu Mi\u0142osierdzia Bo\u017cego. W ko\u015bciele zamontowano now\u0105 ambon\u0119 z emblematem Ducha \u015awi\u0119tego.<\/p>\n\n\n\n<p>31 stycznia 1996 r. przyby\u0142 do pomocy ks. W\u0142adys\u0142awowi Mirowskiemu jego brat, Ks. Stanis\u0142aw Mirowski, pracuj\u0105cy dotychczas w Archiwum Diecezjalnym w Tarnowie. W 1997 r. zmieniono instalacj\u0119 elektryczn\u0105 w ca\u0142ym ko\u015bciele, zakupiono nowy piec ogrzewaj\u0105cy ko\u015bci\u00f3\u0142 oraz za\u0142o\u017cono mosi\u0119\u017cna kopu\u0142\u0119 nad chrzcielnic\u0105.&nbsp; 8 XI 1997 r. mia\u0142a miejsce wizytacja kanoniczna parafii przeprowadzona przez Ks. Bpa W\u0142adys\u0142awa Bobowskiego. &nbsp;W 1999 r. wprowadzono w ka\u017cd\u0105 \u015brod\u0119 nowenn\u0119 do Matki Bo\u017cej Nieustaj\u0105cej Pomocy. Rekolekcje wielkopostne przeprowadzi\u0142 w tym roku Ks. J\u00f3zef G\u00f3rka, proboszcz z Por\u0119by Spytkowskiej. &nbsp;W tym roku r\u00f3wnie\u017c wykonano generalny remont kaplicy \u015bw. Stanis\u0142awa na Wisowatkach. Wymieniono sklepienie, dach, po\u0142o\u017cono tynki na zewn\u0105trz i w \u015brodku a tak\u017ce wymalowano \u015bciany. W 2001 r. parafia prze\u017cywa\u0142a peregrynacj\u0119 kopii obrazu Matki Bo\u017cej Jasnog\u00f3rskiej w dniach 21-22 luty. Przewodniczy\u0142 Ks. Bp W\u0142adys\u0142aw Bobowski. W 2002 r. z fundacji Polonii ze Stan\u00f3w Zjednoczonych oraz parafian pomalowano ko\u015bci\u00f3\u0142 wewn\u0105trz i na zewn\u0105trz oraz dzwonnic\u0119. 23 VIII 2003 r. proboszczem zosta\u0142 ks. mgr Ryszard Sorota, dotychczasowy wikariusz w parafii Krynica-Zdr\u00f3j. Organist\u0105 w parafii zosta\u0142 pan Franciszek Hachaj. Zosta\u0142a wprowadzona comiesi\u0119czna msza \u015bw. w kaplicy \u015bw. Stanis\u0142awa na Wisowatkach, oraz regularne odwiedziny chorych z pos\u0142ug\u0105 sakramentaln\u0105. Jeszcze w 2003 r. dokonano remontu i prac wyko\u0144czeniowych na nowej plebanii. Stara plebania zosta\u0142a wyburzona. Fundamenty ko\u015bcio\u0142a oraz schody zosta\u0142y ob\u0142o\u017cone kamieniem. Rozpocz\u0119to prace przy budowie przyko\u015bcielnego parkingu. Przed tabernakulum zamontowano dwie wieczne lampki, zbudowano granitowe podstawy&nbsp; pod obrazem i figur\u0105&nbsp; Matki Bo\u017cej. Prace te zosta\u0142y wykonane dzi\u0119ki wsparciu Wsp\u00f3lnoty Le\u015bnej. W lutym 2004 r. zosta\u0142 powo\u0142any do \u017cycia Parafialny Oddzia\u0142 Caritas. Rekolekcje parafialne g\u0142osi\u0142 ks. mgr Andrzej G\u00f3rski z parafii Siedlce. 12 IV 2004 r. parafi\u0119 odwiedzi\u0142 ks. biskup ordynariusz Wiktor Skworc. Ks. Bp odprawi\u0142 uroczyst\u0105 sum\u0119 w czasie kt\u00f3rej podzi\u0119kowa\u0142 wszystkim za dotychczasow\u0105 prac\u0119 pogratulowa\u0142 zmian jakie zasz\u0142y w Niedzieliskach. Uczestnikami tej podnios\u0142ej uroczysto\u015bci byli tak\u017ce Ks. Pra\u0142at Bogus\u0142aw W\u00f3jcik i Ks. Pra\u0142at Stanis\u0142aw Czachor, rodak z Niedzielisk. 13 i 14 V parafi\u0119 nawiedzi\u0142a kopia obrazu Matki Bo\u017cej R\u00f3\u017ca\u0144cowej z Bochni. W 2004 r. odnowiono obrazy \u015bw. Anny i \u015bw. J\u00f3zefa oraz za\u0142o\u017cono nowe nag\u0142o\u015bnienie w ko\u015bciele, w po\u0142owie sfinansowane prze ks. Pra\u0142ata Franciszka Ozork\u0119, rodaka z Niedzielisk. Dzi\u0119ki ofiarno\u015bci Ks. Pra\u0142ata Stanis\u0142awa Czachora zainstalowano elektroniczny nap\u0119d dzwon\u00f3w. Rozpocz\u0119to budow\u0119 ogrodzenia plebanii oraz p\u00f3\u0142nocn\u0105 cz\u0119\u015b\u0107 ogrodzenia cmentarza oraz odnowienie ca\u0142ego ogrodzenia. Zosta\u0142a r\u00f3wnie\u017c wyremontowana kapliczka Maryjna na placu ko\u015bcielnym. Odnowiono figur\u0119 \u015bw. Stanis\u0142awa i przeniesiono na plac przed plebani\u0105. 23 V odby\u0142 si\u0119 odpust parafialny. Sumie przewodniczy\u0142 Ks. Pra\u0142at Stanis\u0142aw Czachor. Zosta\u0142 po\u015bwi\u0119cony obraz Mi\u0142osierdzia Bo\u017cego oraz odnowiony obraz \u015bw. Feliksa i figura \u015bw. Stanis\u0142awa. Po raz pierwszy w historii parafii procesja Bo\u017cego Cia\u0142a wyruszy\u0142a do 4 o\u0142tarzy zbudowanych na terenie wsi. Trasa procesji wiod\u0142a przez B\u0142onie i G\u00f3ry. W tym roku zako\u0144czono prace przy elewacji zewn\u0119trznej plebanii oraz przystosowano parter dla cel\u00f3w duszpasterskich. Wok\u00f3\u0142 kaplicy na Wisowatkach rozpocz\u0119to budow\u0119 nowego ogrodzenia. Od 22 do 28 V 2005 r. odby\u0142y si\u0119 misje parafialne kt\u00f3re przeprowadzi\u0142 ks. Zygmunt Tokarz ze Zgromadzenia Ksi\u0119\u017cy Saletyn\u00f3w. Misje zaowocowa\u0142y powstaniem nowych r\u00f3\u017c r\u00f3\u017ca\u0144cowych, w tym R\u00f3\u017cy M\u0119\u017cczyzn, zainicjowaniem pracy scholi m\u0142odzie\u017cowej oraz licznymi trze\u017awo\u015bciowymi postanowieniami zapisanymi w Ksi\u0119dze Trze\u017awo\u015bci. Zako\u0144czeniem i podsumowaniem misji parafialnych by\u0142a uroczysto\u015b\u0107 odpustowa ku czci \u015bw. Feliksa kt\u00f3ra przypad\u0142a 29 V. Sumie przewodniczy\u0142 Ks. Misjonarz Zygmunt Tokarz. Na odpust zosta\u0142 ufundowany przez R\u00f3\u017c\u0119 \u015bw. Faustyny i \u015bw. Magdaleny nowy ornat z wizerunkiem \u015bw. Feliksa, kt\u00f3ry podczas odpustu zosta\u0142 uroczy\u015bcie po\u015bwi\u0119cony. W tym roku trwa\u0142y prace przy ogrodzeniu ko\u015bcio\u0142a, za\u0142o\u017cono dwie lampy przed ko\u015bcio\u0142em, wyremontowano i poprawiono okna zabezpieczaj\u0105ce witra\u017ce na ko\u015bciele. Do ko\u015bcio\u0142a dzi\u0119ki fundacji pana Henryka St\u0105\u015bka z USA zakupiono u\u017cywane organy, dzi\u0119ki fundacji Wsp\u00f3lnoty Le\u015bnej ob\u0142o\u017cono bia\u0142ym marmurem gzyms pod ch\u00f3rem i zamontowano napis \u201eId\u017acie w pokoju Chrystusa\u201d. <\/p>\n\n\n\n<figure class=\"wp-block-table\"><table><tbody><tr><td><strong>Historia parafii i ko\u015bcio\u0142a w Niedzieliskach (cz.10)<\/strong> <strong>&nbsp;<\/strong> W 2006 r. wykonano w ko\u015bciele now\u0105 instalacje grzewcz\u0105 a na cmentarzu po\u0142o\u017cono nowy chodnik z kostki brukowej dzi\u0119ki wsparciu finansowemu Wsp\u00f3lnoty Le\u015bnej. 12 III mia\u0142a miejsce renowacja misji, kt\u00f3r\u0105 przeprowadzi\u0142 ks. J\u00f3zef Wal ze Zgromadzenia Ksi\u0119\u017cy Salezjan\u00f3w. 18 III rozpocz\u0119\u0142a si\u0119 wizytacja kanoniczna parafii kt\u00f3r\u0105 przeprowadzi\u0142 ks. Bp Stanis\u0142aw Budzik, biskup pomocniczy diecezji tarnowskiej. Wizytacja rozpocz\u0119\u0142a si\u0119 Msz\u0105 \u015bw. o godz. 17.00 po\u0142\u0105czona z udzieleniem m\u0142odzie\u017cy sakramentu bierzmowania. W ramach wizytacji ks. bp spotka\u0142 si\u0119 min. z ministrantami i lektorami, schol\u0105, Grupa Misyjn\u0105, Rad\u0105 Parafialn\u0105, Caritasem oraz 19 III na Mszy \u015bw. o godz. 8.00 z r\u00f3\u017cami r\u00f3\u017ca\u0144cowymi. W tym roku wykonano r\u00f3wnie\u017c remont cz\u0119\u015bci ogrodzenia cmentarza. 7 V odby\u0142 si\u0119 odpust w kaplicy na Wisowatkach ku czci \u015bw. Stanis\u0142awa. Sumie odpustowej przewodniczy\u0142 ks. mgr Henryk Juszczyk, rodak z Wygody. Przed odpustem zrobiona zosta\u0142a nowa posadzka w kaplicy. 21 V odby\u0142 si\u0119 odpust ku czci \u015bw. Feliksa. Sumie odpustowej przewodniczy\u0142 ks. dr Grzegorz Ociepka, prze\u0142o\u017cony i profesor z WSD w Tarnowie. 8 VII zosta\u0142a odprawiona Msza \u015bw. na cmentarzu, po\u015bwi\u0119cono odnowiony krzy\u017c znajduj\u0105cy si\u0119 na cmentarzu oraz tablice ku czci poleg\u0142ych i pomordowanych w czasie I i II wojny \u015bwiatowej, kt\u00f3re ufundowa\u0142 i wykona\u0142 pan W\u0142adys\u0142aw Wojnicki. W sierpniu tego roku przebywa\u0142 w USA ks. Ryszard Sorota, gdzie min. spotka\u0142 si\u0119 z rodakami pochodz\u0105cymi z Niedzielisk oraz z Klubem Niedzieliska w Chicago. 3 IX 2006 r. nast\u0105pi\u0142a zmiana na stanowisku proboszcza. Ks. Ryszard Sorota zosta\u0142 mianowany proboszczem w parafii \u015bw. Katarzyny w Grybowie. Nowym proboszczem zosta\u0142 ks. J\u00f3zef Mas\u0142o\u0144, pracuj\u0105cy ostatnio jako wikariusz w parafii MBNP w Mielcu. We wrze\u015bniu rozpocz\u0119to prace przy zadaszeniach przy wej\u015bciu g\u0142\u00f3wnym do ko\u015bcio\u0142a i do zakrystii. Ca\u0142o\u015b\u0107 inwestycji obj\u0119\u0142a zrobienie zadaszenia przed g\u0142\u00f3wnym wej\u015bciem do ko\u015bcio\u0142a, zadaszenia przed wej\u015bciem do zakrystii oraz wykonanie dodatkowych drzwi wej\u015bciowych obok dotychczasowych g\u0142\u00f3wnych drzwi wej\u015bciowych do ko\u015bcio\u0142a. Przygotowania do tej inwestycji rozpocz\u0105\u0142 ju\u017c ks. Ryszard Sorota, poprzedni proboszcz parafii. Konstrukcje metalowe, wykonane zosta\u0142y przez Firm\u0119 METALEX z Miko\u0142ajowic, elementy kamienne zosta\u0142y zam\u00f3wione w Pi\u0144czowskich Zak\u0142adach Kamienia Budowlanego. Prace drzewne wykona\u0142a Firma pana W\u0142adys\u0142awa Str\u0105ga z Rudy Rysie. Prace murarskie wykona\u0142 pan Ireneusz Zale\u015bny z Borz\u0119cina, drzwi wykona\u0142 pan Stanis\u0142aw Ducinowski z Borz\u0119cina. Prace malarskie pan Janusz Rudnik z Podszumina. Te inwestycje w du\u017cej mierze sfinansowa\u0142a Polonia z Chicago, indywidualnie pan Andrzej Policht z Chicago oraz parafian. 8 X w Niedziel\u0119 Kap\u0142a\u0144sk\u0105 w parafii g\u0142osi\u0142 S\u0142owo Bo\u017ce diakon Robert Osak z Nagoszyna. W 2006 r. sakrament chrztu \u015bw. przyj\u0119\u0142o 7 dzieci, udzielono 3 \u015blub\u00f3w, do wieczno\u015bci odesz\u0142o 12 os\u00f3b. &nbsp;&nbsp; W 2007 r. rekolekcje wielkopostne g\u0142osi\u0142 ks. Grzegorz Baran, studiuj\u0105cy dogmatyk\u0119 na KUL-u. 29 IV w parafii go\u015bcili\u015bmy dwie siostry ze Zgromadzenia Si\u00f3str Misjonarek \u015bw. Piotra Klawera &#8211; S. Barbar\u0119 i S. Kazimier\u0119. Siostry wyg\u0142osi\u0142y S\u0142owo Bo\u017ce, opowiadaj\u0105c o swoim Zgromadzeniu, swojej pracy i misjach. Po ka\u017cdej Mszy \u015bw. by\u0142a mo\u017cliwo\u015b\u0107 porozmawiania z siostrami oraz zakup materia\u0142\u00f3w misyjnych kt\u00f3re siostry przywioz\u0142y. W ramach umisyjniania parafii 27 V zosta\u0142a przeprowadzona loteria misyjna przygotowana przez m\u0142odzie\u017c i dzieci z PDMD. 6 V odby\u0142 si\u0119 odpust ku czci \u015bw. Stanis\u0142awa w kaplicy na Wisowatkach. Sumie przewodniczy\u0142 ks. pra\u0142at Adam Mardeusz, proboszcz parafii Okulice, kt\u00f3ry r\u00f3wnie\u017c po\u015bwi\u0119ci\u0142 nowe tabernakulum, ufundowane wraz z wiecznymi lampkami przez pana Adama Srok\u0119 i jego rodzin\u0119. W kaplicy na Wisowatkach zamontowano okna zabezpieczaj\u0105ce witra\u017ce. Zosta\u0142a r\u00f3wnie\u017c odnowiona chor\u0105giew \u015bw. Stanis\u0142awa. 13 V parafia prze\u017cywa\u0142a uroczysto\u015b\u0107 I Komunii \u015awi\u0119tej. Do Sakramentu Eucharystii po raz pierwszy przyst\u0105pi\u0142o 9 dzieci. W tym samym dniu obchodzono w Niedzieliskach Gminny Dzie\u0144 Stra\u017caka. Msz\u0119 \u015bw. celebrowa\u0142 i wyg\u0142osi\u0142 kazanie ks. proboszcz J\u00f3zef Mas\u0142o\u0144. W uroczysto\u015bciach wzi\u0119\u0142o udzia\u0142 oko\u0142o 200 stra\u017cak\u00f3w. 3 VI w uroczysto\u015b\u0107 odpustow\u0105 ku czci \u015bw. Feliksa sumie przewodniczy\u0142 Ks. pra\u0142at dr Boles\u0142aw Klaus, Dyrektor Wydzia\u0142u Katechetycznego Kurii Diecezjalnej w Tarnowie. 12 VIII przyby\u0142 do parafii ks. bp W\u0142adys\u0142aw Bobowski aby wzi\u0105\u0107 udzia\u0142 w uroczysto\u015bci jubileuszu 50 \u2013 lecia zawarcia Sakramentu Ma\u0142\u017ce\u0144stwa przez pa\u0144stwa Helen\u0119 i J\u00f3zefa Czachor\u00f3w. 22 X parafia prze\u017cywa\u0142a uroczysto\u015b\u0107 100 rocznicy urodzin najstarszej parafianki, pani Stefanii Hachaj, kt\u00f3ra urodzi\u0142a si\u0119 22 X 1907 r. Ks. proboszcz sprawowa\u0142 uroczyst\u0105 Msz\u0119 \u015bw. w intencji jubilatki. 25 XI odby\u0142y si\u0119 wybory do Parafialnej Rady Duszpasterskiej na now\u0105 kadencj\u0119. W sk\u0142ad nowej Rady weszli: Czachor J\u00f3zef, Chabura W\u0142adys\u0142aw, Wojnicka Zofia, Kaczmarczyk Stanis\u0142aw, Skura Boles\u0142aw, Hanek Tadeusz, Stasiak W\u0142adys\u0142awa, Lechowicz Albina, Czachor Stanis\u0142aw, Gibu\u0142a Stanis\u0142aw, Rudnik Janusz, Pi\u0119ta Lucyna, Hachaj Franciszek, Zale\u015bny Tadeusz.&nbsp; W 2007 r. sakrament chrztu \u015bw. przyj\u0119\u0142o 10 dzieci, do wieczno\u015bci odesz\u0142o 10 os\u00f3b. W tym roku zosta\u0142y zakupione nowe alby dla lektor\u00f3w, kapturki dla ministrant\u00f3w, nowa kapa oraz nowe figury do szopki. W 2008 r. \u2013 2 III zmar\u0142 ks. W\u0142adys\u0142aw Mirowski kt\u00f3ry by\u0142 proboszczem w parafii Niedzieliska w latach 1980 \u2013 2003. Pogrzeb odby\u0142 si\u0119 5 III w parafii Wielopole Skrzy\u0144skie. Mszy \u015bw. przewodniczy\u0142 ks. infu\u0142at W\u0142adys\u0142aw Kostrzewa z Tarnowa. W pogrzebie wzi\u0119li udzia\u0142 parafianie z Niedzielisk w licznie oko\u0142o 80. Rekolekcje parafialne w 2008 r. g\u0142osi\u0142 ks. Eugeniusz Mro\u017cek, wikariusz z Nowego S\u0105cza. Sumie odpustowej na Wisowatkach 4 V przewodniczy\u0142 ks. Albert Urba\u015b, proboszcz parafii U\u015bcie Solne. W tym roku na Wisowatkach zosta\u0142a wykonana elewacja wej\u015bcia do kaplicy(ob\u0142o\u017cono p\u0142ytkami schody wej\u015bciowe i do zakrystii oraz naoko\u0142o kaplicy zosta\u0142y po\u0142o\u017cone p\u0142ytki oraz rezimal).<\/td><\/tr><\/tbody><\/table><\/figure>\n\n\n\n<p class=\"has-text-align-left\"><em>ci\u0105g dalszy nast\u0105pi<\/em><\/p>\n\n\n\n<p><\/p>\n\n\n\n<p><strong>Patronem ko\u015bcio\u0142a w Niedzieliskach jest \u015bw. Feliks, papie\u017c i m\u0119czennik.<\/strong><\/p>\n\n\n\n<p><strong>\u015aw. Feliks I<\/strong><strong>, papie\u017c<\/strong>&nbsp;(5 stycznia 269 roku \u2013 30 grudnia 274 roku). Najprawdopodobniej urodzi\u0142 si\u0119 oko\u0142o&nbsp;<a href=\"http:\/\/pl.efactory.pl\/210%20\/o%20210\">210<\/a>&nbsp;r. w Rzymie Na temat jego pontyfikatu niewiele wiadomo. Przypisuje mu si\u0119 usankcjonowanie odprawiania Mszy \u015bw. na grobie m\u0119czennik\u00f3w w rocznic\u0119 ich \u015bmierci, by\u0142 to zreszt\u0105 wcze\u015bniejszy zwyczaj&nbsp;albo te\u017c na o\u0142tarzach z relikwiami&nbsp;<strong>(<\/strong>Confessio)&nbsp;oraz wymieniania ich imion w kanonie Mszy&nbsp;\u015bw. R\u00f3wnie\u017c przypisuje mu si\u0119 utworzenie prawa dotycz\u0105cego konsekracji ko\u015bcio\u0142\u00f3w. Zaliczony w poczet m\u0119czennik\u00f3w, zmar\u0142 30 grudnia 274 r.,&nbsp;uzyska\u0142 palm\u0119 m\u0119cze\u0144stwa za cesarza Aureliana.&nbsp;Pogrzebany na cmentarzu \u015bw. Kaliksta.<\/p>\n\n\n\n<p>\u200bFragment listu do Maksyma&nbsp;z Aleksandrii, patriarchy&nbsp;<a href=\"http:\/\/pl.efactory.pl\/Aleksandria%20\/o%20Aleksandria\">Aleksandrii<\/a>&nbsp;w obronie doktryny&nbsp;<a href=\"http:\/\/pl.efactory.pl\/Tr%C3%B3jca_%C5%9Awi%C4%99ta%20\/o%20Tr%C3%B3jca%20%C5%9Awi%C4%99ta\">Tr\u00f3jcy<\/a>&nbsp;\u015awi\u0119tej i Wcielenia odpieraj\u0105ce argumenty Paw\u0142a z Samostat jest najprawdopodobniej autorstwa Feliksa, lecz nie pozosta\u0142e trzy listy mu przypisywane.&nbsp;<\/p>\n\n\n\n<p>\u200bW ikonografii przedstawiany jest w szatach papie\u017ca, czasem z ksi\u0119g\u0105.&nbsp;Imi\u0119 Feliks z \u0142ac. oznacza szcz\u0119\u015bliwy. Wspomnienie liturgiczne 30 maja.<\/p>\n\n\n\n<p><strong>KRONIKA PARAFII<\/strong><\/p>\n\n\n\n<p><strong>1338<\/strong>&nbsp;&#8211;&nbsp;pierwsza wzmianka o istnieniu&nbsp;wsi Niedzieliska&nbsp;za\u0142o\u017conej&nbsp;przez biskupa krakowskiego na prawie niemieckim<\/p>\n\n\n\n<p><strong>1529<\/strong>&nbsp;&#8211;&nbsp;w\u0142\u0105czenie Niedzielisk do parafii Szczurowa<\/p>\n\n\n\n<p><strong>1772<\/strong> &#8211;&nbsp;przej\u015bcie wsi&nbsp;Niedzieliska&nbsp;we w\u0142adanie w\u0142adz austriackich<\/p>\n\n\n\n<p><strong>1868<\/strong>&nbsp;&#8211;&nbsp;powstanie w Niedzieliskach drewnianej kaplicy<\/p>\n\n\n\n<p><strong>1880<\/strong>&nbsp;&#8211;&nbsp;powstanie drewnianej Szko\u0142y w Niedzieliskach<\/p>\n\n\n\n<p><strong>1907<\/strong>&nbsp;&#8211;&nbsp;oddanie do u\u017cytku murowanego budynku&nbsp;Szko\u0142y Podstawowej<\/p>\n\n\n\n<p><strong>25 V 1927<\/strong>&nbsp;&#8211;&nbsp;za\u0142o\u017cenie Klubu wsi Niedzieliska w Chicago, pierwszym prezesem zostaje J\u00f3zef Gut<\/p>\n\n\n\n<p><strong>1927<\/strong> \u2013 wybudowanie kaplicy pod wezwaniem \u015bw. Stanis\u0142awa bpa i m\u0119czennika w Wisowatkach<\/p>\n\n\n\n<p><strong>1931<\/strong>&nbsp;&#8211;&nbsp;wybudowanie jednonawowego ko\u015bcio\u0142a murowanego z ceg\u0142y pod wezwaniem \u015bw. Feliksa&nbsp;w Niedzieliskach<\/p>\n\n\n\n<p><strong>1934<\/strong>&nbsp;&#8211;&nbsp;ufundowanie o\u0142tarza g\u0142\u00f3wnego i obrazu &nbsp;\u015bw. Feliksa przez Franciszka Czachora<\/p>\n\n\n\n<p><strong>1937<\/strong>&nbsp;&#8211;&nbsp;pozwolenie na przechowywanie Naj\u015bwi\u0119tszego Sakramentu przez Bpa Franciszka Lisowskiego podczas wizytacji kanonicznej parafii Szczurowa&nbsp;&nbsp;&nbsp;1937&nbsp;&#8211;&nbsp;ko\u015bci\u00f3\u0142 otrzymuje przywilej odprawiania Mszy \u015bw. w jedn\u0105 niedziele w miesi\u0105cu<\/p>\n\n\n\n<p><strong>1939<\/strong>&nbsp;&#8211;&nbsp;wybudowanie plebanii<\/p>\n\n\n\n<p><strong>5 X&nbsp;1941<\/strong>&nbsp;&#8211;&nbsp;Bp Edward Komar tworzy rektorat w Niedzieliskach, uzale\u017cniony od parafii Szczurowa<\/p>\n\n\n\n<p><strong>1941<\/strong>&nbsp;&#8211;&nbsp;pierwszym duszpasterzem jako rektor parafii, zostaje&nbsp;ks. J\u00f3zef Barszcz, dotychczasowy wicerektor Seminarium Duchownego w Tarnowie<\/p>\n\n\n\n<p><strong>1941<\/strong>&nbsp;\u2013&nbsp;starania o&nbsp;za\u0142o\u017cenie cmentarza parafialnego<\/p>\n\n\n\n<p><strong>7 VI 1942<\/strong> po\u015bwi\u0119cenie cmentarza parafialnego<\/p>\n\n\n\n<p><strong>20 IX&nbsp;1947<\/strong>&nbsp;&#8211;&nbsp;obowi\u0105zki duszpasterza w Niedzieliskach obj\u0105\u0142 ks. W\u0142adys\u0142aw Ku\u0142akowski<\/p>\n\n\n\n<p><strong>1951<\/strong>&nbsp;&#8211;&nbsp;przy\u0142\u0105czenie do parafii Wisowatek z parafii Borz\u0119cin oraz Wygody z parafii Strzelce Wielkie<\/p>\n\n\n\n<p><strong>3 XII&nbsp;1951<\/strong>&nbsp;&#8211;&nbsp;ustanowienie w Niedzieliskach parafii przez&nbsp;Bpa Jana Step\u0119<\/p>\n\n\n\n<p><strong>1953<\/strong>&nbsp;&#8211;&nbsp;\u015bwi\u0119cenia kap\u0142a\u0144skie ks. J\u00f3zefa Czachora z Niedzielisk<\/p>\n\n\n\n<p><strong>14 VI 1955<\/strong>&nbsp;&#8211;&nbsp;zmar\u0142&nbsp;ks. W\u0142adys\u0142aw Ku\u0142akowski, proboszcz parafii Niedzieliska w latach 1947-1955<\/p>\n\n\n\n<p><strong>1955<\/strong>&nbsp;&#8211;&nbsp;\u015bwi\u0119cenia kap\u0142a\u0144skie ks. Stanis\u0142awa Czachora i ks. Franciszka Ozorki z&nbsp;Niedzielski&nbsp;oraz O. Czes\u0142awa Kopacza z Podszumina.<\/p>\n\n\n\n<p><strong>1955<\/strong>&nbsp;&#8211;&nbsp;proboszczem zostaje&nbsp;ks. Stanis\u0142aw Augustyn<\/p>\n\n\n\n<p><strong>1957<\/strong>&nbsp;&#8211;&nbsp;elektryfikacja wsi<\/p>\n\n\n\n<p><strong>8 VI&nbsp;1958<\/strong>&nbsp;&#8211;&nbsp;po\u015bwi\u0119cenie dw\u00f3ch dzwon\u00f3w(Matki Bo\u017cej Kr\u00f3lowej Polski i \u015bw. Feliksa)&nbsp;przez ks. pra\u0142ata Walentego Chrobaka<\/p>\n\n\n\n<p><strong>1959<\/strong>&nbsp;&#8211;&nbsp;po\u015bwiecenie obrazu Chrystusa Ukrzy\u017cowanego, namalowanego przez prof. Adolfa Chy\u0142\u0119 z Krakowa, fundacji J\u00f3zefy Gnatek z Chicago<\/p>\n\n\n\n<p><strong>13 III 1960<\/strong>&nbsp;&#8211;&nbsp;po\u015bwi\u0119cenie p\u0142askorze\u017ab Drogi Krzy\u017cowej&nbsp;<\/p>\n\n\n\n<p><strong>1960<\/strong>&nbsp;&#8211;&nbsp;wybudowanie dzwonnicy obok&nbsp;ko\u015bcio\u0142a<\/p>\n\n\n\n<p><strong>1965<\/strong>&nbsp;&#8211;&nbsp;budowa Domu Ludowego<\/p>\n\n\n\n<p><strong>1968<\/strong>&nbsp;&#8211;&nbsp;powi\u0119kszenie i ogrodzenie cmentarza parafialnego<\/p>\n\n\n\n<p><strong>29 IX 1972<\/strong>&nbsp;&#8211;&nbsp;zmar\u0142 ks. J\u00f3zef Barszcz, rektor w Niedzieliskach w latach 1941-1947<\/p>\n\n\n\n<p><strong>1974&nbsp;<\/strong>&#8211;&nbsp;uzyskanie pozwolenia na rozbudow\u0119 Ko\u015bcio\u0142a<\/p>\n\n\n\n<p><strong>1975<\/strong>&nbsp;&#8211;&nbsp;rozpocz\u0119cie rozbudowy Ko\u015bcio\u0142a<\/p>\n\n\n\n<p><strong>20 VII 1980<\/strong>&nbsp;&#8211;&nbsp;zmar\u0142&nbsp;ks. Stanis\u0142aw Augustyn, proboszcz parafii Niedzieliska w latach 1957-1980<\/p>\n\n\n\n<p><strong>4&nbsp;VIII 1980<\/strong>&nbsp;&#8211;&nbsp;obowi\u0105zki proboszcza przejmuje ks. W\u0142adys\u0142aw Mirowski<\/p>\n\n\n\n<p><strong>13 VI 1981<\/strong>&nbsp;&#8211;&nbsp;wizytacja kanoniczna parafii przeprowadzona przez Ks. Bp. W\u0142adys\u0142awa Bobowskiego.<\/p>\n\n\n\n<p><strong>1982&nbsp;<\/strong>&#8211;&nbsp;zamontowanie ogrzewania w ko\u015bciele<\/p>\n\n\n\n<p><strong>1983&nbsp;<\/strong>&#8211;&nbsp;za\u0142o\u017cenie nowej posadzki w ko\u015bciele<\/p>\n\n\n\n<p><strong>1985&nbsp;<\/strong>&#8211;&nbsp;za\u0142o\u017cenie dw\u00f3ch witra\u017cy, bpa Stanis\u0142awa ze Szczepanowa oraz \u015bw. Maksymiliana Marii Kolbe<\/p>\n\n\n\n<p><strong>1987&nbsp;<\/strong>&#8211;&nbsp;nowa Droga Krzy\u017cowa w formie mozaiki wykonana przez Kauczy\u0144skiego z Krakowa<\/p>\n\n\n\n<p><strong>1988&nbsp;<\/strong>&#8211;&nbsp;telefonizacja wsi&nbsp;&nbsp;&nbsp;<\/p>\n\n\n\n<p><strong>1990&nbsp;<\/strong>&#8211;&nbsp;\u015bwi\u0119cenia kap\u0142a\u0144skie ks. Henryka Juszczyka z Wygody<\/p>\n\n\n\n<p><strong>6 V<\/strong>&nbsp;<strong>1990 <\/strong>\u2013 konsekracja ko\u015bcio\u0142a&nbsp;przez biskupa Piotra Bednarczyka<\/p>\n\n\n\n<p><strong>1991&nbsp;<\/strong>&#8211;&nbsp;gazyfikacja wsi&nbsp;&nbsp; &nbsp;&nbsp;<\/p>\n\n\n\n<p><strong>1995&nbsp;<\/strong>&#8211;&nbsp;rozpocz\u0119cie&nbsp;budowy nowej Szko\u0142y<\/p>\n\n\n\n<p><strong>8 XI 1997<\/strong>&nbsp;&#8211;&nbsp;wizytacja kanoniczna parafii przeprowadzona przez Ks. Bpa W\u0142adys\u0142awa Bobowskiego.<\/p>\n\n\n\n<p><strong>1999<\/strong>&nbsp;&#8211;&nbsp;zako\u0144czenie budowy nowej Szko\u0142y Podstawowej<\/p>\n\n\n\n<p><strong>1999 <\/strong>&#8211; gruntowny remont kaplicy \u015bw. Stanis\u0142awa w Wisowatkach<\/p>\n\n\n\n<p><strong>21-22 II 2001<\/strong> &#8211; peregrynacja kopii obrazu Matki Bo\u017cej Jasnog\u00f3rskiej<\/p>\n\n\n\n<p><strong>2002&nbsp;<\/strong>&#8211;&nbsp;pomalowanie ko\u015bcio\u0142a wewn\u0105trz i na zewn\u0105trz<\/p>\n\n\n\n<p><strong>23 VIII 2003<\/strong>&nbsp;&#8211;&nbsp;proboszczem parafii zostaje ks. Ryszard Sorota<\/p>\n\n\n\n<p><strong>2003<\/strong> &nbsp;&#8211;&nbsp;remont i prace wyko\u0144czeniowe na nowej plebanii<\/p>\n\n\n\n<p><strong>2004&nbsp;<\/strong>&#8211;&nbsp;powo\u0142anie Parafialnego Oddzia\u0142u Caritas.<\/p>\n\n\n\n<p><strong>12 IV 2004<\/strong>&nbsp;&#8211;&nbsp;parafi\u0119 odwiedza ks. biskup ordynariusz Wiktor Skworc<\/p>\n\n\n\n<p><strong>13-14 V 2004<\/strong>&nbsp;&#8211;&nbsp;parafi\u0119 nawiedzi\u0142a kopia obrazu Matki Bo\u017cej R\u00f3\u017ca\u0144cowej z Bochni.<\/p>\n\n\n\n<p><strong>23 V 2004<\/strong>&nbsp;&#8211;&nbsp;po\u015bwiecenie obrazu Mi\u0142osierdzia Bo\u017cego<\/p>\n\n\n\n<p><strong>2004<\/strong>&nbsp;&#8211;&nbsp;za\u0142o\u017cono nowe nag\u0142o\u015bnienie w ko\u015bciele i elektroniczny nap\u0119d dzwon\u00f3w<\/p>\n\n\n\n<p><strong>2004 <\/strong>&#8211;&nbsp;przeniesienie figury \u015bw. Stanis\u0142awa na plac przed plebani\u0105<\/p>\n\n\n\n<p><strong>2004 <\/strong>&#8211; budowa nowego ogrodzenia przy kaplicy na Wisowatkach<\/p>\n\n\n\n<p><strong>22-28 V 2005<\/strong> &#8211; misje parafialne g\u0142oszone przez ks. Zygmunta Tokarza ze Zgromadzenia Ksi\u0119\u017cy Saletyn\u00f3w.<\/p>\n\n\n\n<p><strong>8 VII 2005<\/strong>&nbsp;&#8211;&nbsp;po\u015bwi\u0119cenie na cmentarzu tablicy ku czci poleg\u0142ych i pomordowanych w czasie I&nbsp;i&nbsp;II wojny \u015bwiatowej<\/p>\n\n\n\n<p><strong>2005&nbsp;<\/strong>&#8211;&nbsp;po\u015bwiecenie obrazu Mi\u0142osierdzia Bo\u017cego<\/p>\n\n\n\n<p><strong>18- 19 III 2006<\/strong> &nbsp;&#8211; wizytacja kanoniczna parafii przeprowadzona przez&nbsp;ks. Bpa&nbsp;Stanis\u0142awa&nbsp;Budzika<\/p>\n\n\n\n<p><strong>2006&nbsp;<\/strong>-wykonanie nowej instalacji grzewczej w ko\u015bciele<\/p>\n\n\n\n<p><strong>27 VIII 2006<\/strong> &#8211; proboszczem parafii zostaje ks. J\u00f3zef Mas\u0142o\u0144<\/p>\n\n\n\n<p><strong>2006&nbsp;<\/strong>&#8211;&nbsp;oddanie do u\u017cytku sieci wodoci\u0105gowej<\/p>\n\n\n\n<p><strong>XI 2006<\/strong>&nbsp;&#8211;&nbsp;wykonanie zadaszenia &nbsp;przed g\u0142\u00f3wnym wej\u015bciem do ko\u015bcio\u0142a i wej\u015bciem do zakrystii&nbsp;<\/p>\n\n\n\n<p><strong>13 V 2007<\/strong>&nbsp;&#8211;&nbsp;Gminne uroczysto\u015bci Dnia Stra\u017caka w Niedzieliskach<\/p>\n\n\n\n<p><strong>22 X 2007<\/strong> &#8211; uroczysto\u015b\u0107 100 rocznicy urodzin najstarszej parafianki, pani Stefanii Hachaj<\/p>\n\n\n\n<p><strong>2 III 2008<\/strong>&nbsp;&#8211;&nbsp;zmar\u0142 ks. W\u0142adys\u0142aw Mirowski, proboszcz parafii Niedzieliska w latach 1980 &#8211; 2003<\/p>\n\n\n\n<p><strong>XI 2008<\/strong>&nbsp;&#8211;&nbsp;zmiana instalacji elektrycznej w ko\u015bciele<\/p>\n\n\n\n<p><strong>28 XII 2008<\/strong>&nbsp;&#8211;&nbsp;po\u015bwi\u0119cenie nowego obrazu b\u0142. Karoliny K\u00f3zka<\/p>\n\n\n\n<p><strong>XI 2009<\/strong>&nbsp;&#8211;&nbsp;odnowienie tabernakulum i o\u015bwietlenia w ko\u015bciele<\/p>\n\n\n\n<p><strong>VII&nbsp;2009<\/strong> &#8211; wykonanie nowego grobowca dla ks. Augustyna i ks. Ku\u0142akowskiego<\/p>\n\n\n\n<p><strong>X 2009 <\/strong>&#8211; wykonanie nowego ogrodzenia cmentarza od strony zachodniej i po\u0142udniowej<\/p>\n\n\n\n<p><strong>27&nbsp;VI 2010<\/strong> \u2013 po\u015bwi\u0119cenie epitafium dla zmar\u0142ych proboszcz\u00f3w parafii&nbsp;Niedzielska<\/p>\n\n\n\n<p><\/p>\n","protected":false},"excerpt":{"rendered":"<p>Historia parafii i ko\u015bcio\u0142a w Niedzieliskach &nbsp;&nbsp;&nbsp;&nbsp;&nbsp;&nbsp;&nbsp;&nbsp;&nbsp;&nbsp;&nbsp;&nbsp;&nbsp;&nbsp;&nbsp;&nbsp; Wioska Niedzieliska jest osad\u0105 do\u015b\u0107 star\u0105, bo istnia\u0142a jeszcze przed Szczurow\u0105, do kt\u00f3rej si\u0119 do\u0142\u0105czy\u0142a jako cz\u0119\u015b\u0107 sk\u0142adowa parafii pod wezwaniem \u015bw. Bart\u0142omieja Aposto\u0142a.&nbsp;Niedzieliska nale\u017ca\u0142y pocz\u0105tkowo do&#46;&#46;&#46;<\/p>\n","protected":false},"author":1,"featured_media":0,"parent":0,"menu_order":0,"comment_status":"closed","ping_status":"closed","template":"","meta":{"_eb_attr":"","footnotes":""},"class_list":["post-137","page","type-page","status-publish","hentry"],"_links":{"self":[{"href":"https:\/\/parafianiedzieliska.pl\/index.php?rest_route=\/wp\/v2\/pages\/137","targetHints":{"allow":["GET"]}}],"collection":[{"href":"https:\/\/parafianiedzieliska.pl\/index.php?rest_route=\/wp\/v2\/pages"}],"about":[{"href":"https:\/\/parafianiedzieliska.pl\/index.php?rest_route=\/wp\/v2\/types\/page"}],"author":[{"embeddable":true,"href":"https:\/\/parafianiedzieliska.pl\/index.php?rest_route=\/wp\/v2\/users\/1"}],"replies":[{"embeddable":true,"href":"https:\/\/parafianiedzieliska.pl\/index.php?rest_route=%2Fwp%2Fv2%2Fcomments&post=137"}],"version-history":[{"count":25,"href":"https:\/\/parafianiedzieliska.pl\/index.php?rest_route=\/wp\/v2\/pages\/137\/revisions"}],"predecessor-version":[{"id":2166,"href":"https:\/\/parafianiedzieliska.pl\/index.php?rest_route=\/wp\/v2\/pages\/137\/revisions\/2166"}],"wp:attachment":[{"href":"https:\/\/parafianiedzieliska.pl\/index.php?rest_route=%2Fwp%2Fv2%2Fmedia&parent=137"}],"curies":[{"name":"wp","href":"https:\/\/api.w.org\/{rel}","templated":true}]}}